{"id":23,"date":"2013-02-27T21:35:49","date_gmt":"2013-02-27T20:35:49","guid":{"rendered":"http:\/\/elkpsychoterapia.pl\/?page_id=23"},"modified":"2019-12-07T10:33:59","modified_gmt":"2019-12-07T09:33:59","slug":"kontakt","status":"publish","type":"page","link":"https:\/\/elkpsychoterapia.pl\/?page_id=23","title":{"rendered":"Kontakt"},"content":{"rendered":"<h2>Przepraszamy Pa\u0144stwa, aktualnie mamy\u00a0 przerw\u0119 w przyjmowaniu klient\u00f3w.<\/h2>\n<p><strong>Gabinet Psychoterapii i Pomocy Psychologicznej<\/strong><\/p>\n<p><strong>\u00a0<\/strong><\/p>\n<p>&nbsp;<\/p>\n<p>na wizyty prosz\u0119 umawia\u0107 si\u0119 telefonicznie pod numerem:<\/p>\n<p><strong>Agata Adamiak \u2013 aktualnie nie przyjmuje.<br \/>\n<\/strong><\/p>\n<p><strong>Bartosz \u015amieciuszewski &#8211; aktualnie nie przyjmuje.<br \/>\n<\/strong><\/p>\n<p><strong>\u00a0<\/strong><\/p>\n<p>lub drog\u0105 mailow\u0105 :\u00a0\u00a0 <span class=\"top-email\"><a href=\"mailto:elk.psychoterapia@gmail.com\">elk.psychoterapia@gmail.com<\/a><\/span><\/p>\n<nav id=\"site-navigation\" class=\"main-navigation\">\n<div id=\"menu-main-navigation\" class=\"sf-menu sf-js-enabled sf-shadow\"><\/div>\n<\/nav>\n<p><strong>\u00a0<\/strong><\/p>\n","protected":false},"excerpt":{"rendered":"<p>Przepraszamy Pa\u0144stwa, aktualnie mamy\u00a0 przerw\u0119 w przyjmowaniu klient\u00f3w. Gabinet Psychoterapii i Pomocy Psychologicznej \u00a0 &nbsp; na wizyty prosz\u0119 umawia\u0107 si\u0119 telefonicznie pod numerem: Agata Adamiak \u2013 aktualnie nie przyjmuje. Bartosz \u015amieciuszewski &#8211; aktualnie nie przyjmuje. \u00a0 lub drog\u0105 mailow\u0105 :\u00a0\u00a0 elk.psychoterapia@gmail.com \u00a0<\/p>\n","protected":false},"author":1,"featured_media":0,"parent":0,"menu_order":7,"comment_status":"closed","ping_status":"open","template":"","meta":[],"_links":{"self":[{"href":"https:\/\/elkpsychoterapia.pl\/index.php?rest_route=\/wp\/v2\/pages\/23"}],"collection":[{"href":"https:\/\/elkpsychoterapia.pl\/index.php?rest_route=\/wp\/v2\/pages"}],"about":[{"href":"https:\/\/elkpsychoterapia.pl\/index.php?rest_route=\/wp\/v2\/types\/page"}],"author":[{"embeddable":true,"href":"https:\/\/elkpsychoterapia.pl\/index.php?rest_route=\/wp\/v2\/users\/1"}],"replies":[{"embeddable":true,"href":"https:\/\/elkpsychoterapia.pl\/index.php?rest_route=%2Fwp%2Fv2%2Fcomments&post=23"}],"version-history":[{"count":14,"href":"https:\/\/elkpsychoterapia.pl\/index.php?rest_route=\/wp\/v2\/pages\/23\/revisions"}],"predecessor-version":[{"id":231,"href":"https:\/\/elkpsychoterapia.pl\/index.php?rest_route=\/wp\/v2\/pages\/23\/revisions\/231"}],"wp:attachment":[{"href":"https:\/\/elkpsychoterapia.pl\/index.php?rest_route=%2Fwp%2Fv2%2Fmedia&parent=23"}],"curies":[{"name":"wp","href":"https:\/\/api.w.org\/{rel}","templated":true}]}}